{"id":183,"date":"2018-02-06T15:29:18","date_gmt":"2018-02-06T14:29:18","guid":{"rendered":"http:\/\/localhost\/wordpress\/?page_id=183"},"modified":"2018-02-09T13:31:01","modified_gmt":"2018-02-09T12:31:01","slug":"fahrgastinformation","status":"publish","type":"page","link":"https:\/\/qnex.it\/?page_id=183","title":{"rendered":"Fahrgastinformation"},"content":{"rendered":"<h3>Fahrgastinformation im \u00f6ffentlichen Nahverkehr<\/h3>\n<p>Fahrgastinformation ist ein wichtiger Erfolgsfaktor f\u00fcr den \u00f6ffentlichen Verkehr geworden. W\u00e4hrend die Kunden fr\u00fcher bereit sein mussten, m\u00fchsam ihre gew\u00fcnschten Verbindungen zusammenzusuchen, erwarten sie sich heute pr\u00e4zise Informationen in jeder Situation.<\/p>\n<p>Qnex bietet seit dem Jahr 2000 ma\u00dfgeschneiderte L\u00f6sungen rund um die Fahrgastinformation im \u00d6PNV. Aufgrund langj\u00e4hriger Erfahrung als Berater von Verkehrsunternehmen und Nutzer des \u00f6ffentlichen Verkehrs kennen wir die Anforderungen genau und bieten eine vollst\u00e4ndige Palette an Produkten.<\/p>\n<h3>Netzpl\u00e4ne<\/h3>\n<p>Netzpl\u00e4ne sind die wichtigste Orientierungshilfe im \u00f6ffentlichen Nahverkehr. Ein gut gemachter Netzplan erlaubt es, auf Anhieb die Erreichbarkeit wichtiger Ziele zu erkennen, die entsprechenden Fahrpl\u00e4ne ausfindig zu machen und die Grundinformation \u00fcber Linien, Haltestellen und Umsteigepunkte zu erfassen.<\/p>\n<p><strong>Qnex<\/strong> analysiert den Informationsbedarf der Fahrg\u00e4ste, entwickelt grafisch und informationstechnisch optimierte Netzdarstellungen\/Netzpl\u00e4ne f\u00fcr Stadtverkehre, Regionalnetze und Tourismusgebiete, definiert alle weiteren Elemente eines Leitsystems (Bezeichnung der Linien, Zusatzinformationen&#8230;) und liefert die fertigen Informationsmaterialien.<\/p>\n<p><em>Einige Beispiele unserer Netzpl\u00e4ne:<\/em><\/p>\n<div id='gallery-1' class='gallery galleryid-183 gallery-columns-3 gallery-size-medium'><figure class='gallery-item'>\n\t\t\t<div class='gallery-icon landscape'>\n\t\t\t\t<a href='https:\/\/qnex.it\/wp-content\/uploads\/2018\/02\/netz_bahn2014-1.jpg'><img loading=\"lazy\" decoding=\"async\" width=\"300\" height=\"200\" src=\"https:\/\/qnex.it\/wp-content\/uploads\/2018\/02\/netz_bahn2014-1-300x200.jpg\" class=\"attachment-medium size-medium\" alt=\"Bahnnetz S\u00fcdtirol, 2014\" aria-describedby=\"gallery-1-484\" srcset=\"https:\/\/qnex.it\/wp-content\/uploads\/2018\/02\/netz_bahn2014-1-300x200.jpg 300w, https:\/\/qnex.it\/wp-content\/uploads\/2018\/02\/netz_bahn2014-1-768x511.jpg 768w, https:\/\/qnex.it\/wp-content\/uploads\/2018\/02\/netz_bahn2014-1-1024x682.jpg 1024w, https:\/\/qnex.it\/wp-content\/uploads\/2018\/02\/netz_bahn2014-1.jpg 1200w\" sizes=\"auto, (max-width: 300px) 100vw, 300px\" \/><\/a>\n\t\t\t<\/div>\n\t\t\t\t<figcaption class='wp-caption-text gallery-caption' id='gallery-1-484'>\n\t\t\t\tBahnnetz S\u00fcdtirol, 2014\n\t\t\t\t<\/figcaption><\/figure><figure class='gallery-item'>\n\t\t\t<div class='gallery-icon landscape'>\n\t\t\t\t<a href='https:\/\/qnex.it\/wp-content\/uploads\/2018\/02\/netz_bga_2018-1.jpg'><img loading=\"lazy\" decoding=\"async\" width=\"300\" height=\"207\" src=\"https:\/\/qnex.it\/wp-content\/uploads\/2018\/02\/netz_bga_2018-1-300x207.jpg\" class=\"attachment-medium size-medium\" alt=\"Burggrafenamt, 2018\" aria-describedby=\"gallery-1-485\" srcset=\"https:\/\/qnex.it\/wp-content\/uploads\/2018\/02\/netz_bga_2018-1-300x207.jpg 300w, https:\/\/qnex.it\/wp-content\/uploads\/2018\/02\/netz_bga_2018-1-768x530.jpg 768w, https:\/\/qnex.it\/wp-content\/uploads\/2018\/02\/netz_bga_2018-1-1024x707.jpg 1024w, https:\/\/qnex.it\/wp-content\/uploads\/2018\/02\/netz_bga_2018-1.jpg 1200w\" sizes=\"auto, (max-width: 300px) 100vw, 300px\" \/><\/a>\n\t\t\t<\/div>\n\t\t\t\t<figcaption class='wp-caption-text gallery-caption' id='gallery-1-485'>\n\t\t\t\tBurggrafenamt, 2018\n\t\t\t\t<\/figcaption><\/figure><figure class='gallery-item'>\n\t\t\t<div class='gallery-icon portrait'>\n\t\t\t\t<a href='https:\/\/qnex.it\/wp-content\/uploads\/2018\/02\/netz_citybus_bk_2017-1.jpg'><img loading=\"lazy\" decoding=\"async\" width=\"283\" height=\"300\" src=\"https:\/\/qnex.it\/wp-content\/uploads\/2018\/02\/netz_citybus_bk_2017-1-283x300.jpg\" class=\"attachment-medium size-medium\" alt=\"Citybus Bruneck, 2017\" aria-describedby=\"gallery-1-486\" srcset=\"https:\/\/qnex.it\/wp-content\/uploads\/2018\/02\/netz_citybus_bk_2017-1-283x300.jpg 283w, https:\/\/qnex.it\/wp-content\/uploads\/2018\/02\/netz_citybus_bk_2017-1-768x814.jpg 768w, https:\/\/qnex.it\/wp-content\/uploads\/2018\/02\/netz_citybus_bk_2017-1-966x1024.jpg 966w, https:\/\/qnex.it\/wp-content\/uploads\/2018\/02\/netz_citybus_bk_2017-1.jpg 1200w\" sizes=\"auto, (max-width: 283px) 100vw, 283px\" \/><\/a>\n\t\t\t<\/div>\n\t\t\t\t<figcaption class='wp-caption-text gallery-caption' id='gallery-1-486'>\n\t\t\t\tCitybus Bruneck, 2017\n\t\t\t\t<\/figcaption><\/figure><figure class='gallery-item'>\n\t\t\t<div class='gallery-icon landscape'>\n\t\t\t\t<a href='https:\/\/qnex.it\/wp-content\/uploads\/2018\/02\/netz_citybus_bx_2017-1.jpg'><img loading=\"lazy\" decoding=\"async\" width=\"300\" height=\"97\" src=\"https:\/\/qnex.it\/wp-content\/uploads\/2018\/02\/netz_citybus_bx_2017-1-300x97.jpg\" class=\"attachment-medium size-medium\" alt=\"Citybus Brixen, 2017\" aria-describedby=\"gallery-1-487\" srcset=\"https:\/\/qnex.it\/wp-content\/uploads\/2018\/02\/netz_citybus_bx_2017-1-300x97.jpg 300w, https:\/\/qnex.it\/wp-content\/uploads\/2018\/02\/netz_citybus_bx_2017-1-768x248.jpg 768w, https:\/\/qnex.it\/wp-content\/uploads\/2018\/02\/netz_citybus_bx_2017-1-1024x331.jpg 1024w, https:\/\/qnex.it\/wp-content\/uploads\/2018\/02\/netz_citybus_bx_2017-1.jpg 1600w\" sizes=\"auto, (max-width: 300px) 100vw, 300px\" \/><\/a>\n\t\t\t<\/div>\n\t\t\t\t<figcaption class='wp-caption-text gallery-caption' id='gallery-1-487'>\n\t\t\t\tCitybus Brixen, 2017\n\t\t\t\t<\/figcaption><\/figure><figure class='gallery-item'>\n\t\t\t<div class='gallery-icon landscape'>\n\t\t\t\t<a href='https:\/\/qnex.it\/wp-content\/uploads\/2018\/02\/netz_hochpustertal_2018-1.jpg'><img loading=\"lazy\" decoding=\"async\" width=\"300\" height=\"172\" src=\"https:\/\/qnex.it\/wp-content\/uploads\/2018\/02\/netz_hochpustertal_2018-1-300x172.jpg\" class=\"attachment-medium size-medium\" alt=\"Hochpustertal, 2018\" aria-describedby=\"gallery-1-488\" srcset=\"https:\/\/qnex.it\/wp-content\/uploads\/2018\/02\/netz_hochpustertal_2018-1-300x172.jpg 300w, https:\/\/qnex.it\/wp-content\/uploads\/2018\/02\/netz_hochpustertal_2018-1-768x440.jpg 768w, https:\/\/qnex.it\/wp-content\/uploads\/2018\/02\/netz_hochpustertal_2018-1-1024x587.jpg 1024w, https:\/\/qnex.it\/wp-content\/uploads\/2018\/02\/netz_hochpustertal_2018-1.jpg 1200w\" sizes=\"auto, (max-width: 300px) 100vw, 300px\" \/><\/a>\n\t\t\t<\/div>\n\t\t\t\t<figcaption class='wp-caption-text gallery-caption' id='gallery-1-488'>\n\t\t\t\tHochpustertal, 2018\n\t\t\t\t<\/figcaption><\/figure><figure class='gallery-item'>\n\t\t\t<div class='gallery-icon landscape'>\n\t\t\t\t<a href='https:\/\/qnex.it\/wp-content\/uploads\/2018\/02\/netz_livigno_2018-1.jpg'><img loading=\"lazy\" decoding=\"async\" width=\"300\" height=\"165\" src=\"https:\/\/qnex.it\/wp-content\/uploads\/2018\/02\/netz_livigno_2018-1-300x165.jpg\" class=\"attachment-medium size-medium\" alt=\"Livigno Winter, 2018\" aria-describedby=\"gallery-1-489\" srcset=\"https:\/\/qnex.it\/wp-content\/uploads\/2018\/02\/netz_livigno_2018-1-300x165.jpg 300w, https:\/\/qnex.it\/wp-content\/uploads\/2018\/02\/netz_livigno_2018-1-768x422.jpg 768w, https:\/\/qnex.it\/wp-content\/uploads\/2018\/02\/netz_livigno_2018-1-1024x563.jpg 1024w, https:\/\/qnex.it\/wp-content\/uploads\/2018\/02\/netz_livigno_2018-1.jpg 1200w\" sizes=\"auto, (max-width: 300px) 100vw, 300px\" \/><\/a>\n\t\t\t<\/div>\n\t\t\t\t<figcaption class='wp-caption-text gallery-caption' id='gallery-1-489'>\n\t\t\t\tLivigno Winter, 2018\n\t\t\t\t<\/figcaption><\/figure><figure class='gallery-item'>\n\t\t\t<div class='gallery-icon landscape'>\n\t\t\t\t<a href='https:\/\/qnex.it\/wp-content\/uploads\/2018\/02\/netz_plose_2018-1.jpg'><img loading=\"lazy\" decoding=\"async\" width=\"300\" height=\"189\" src=\"https:\/\/qnex.it\/wp-content\/uploads\/2018\/02\/netz_plose_2018-1-300x189.jpg\" class=\"attachment-medium size-medium\" alt=\"Plose Winter, 2018\" aria-describedby=\"gallery-1-490\" srcset=\"https:\/\/qnex.it\/wp-content\/uploads\/2018\/02\/netz_plose_2018-1-300x189.jpg 300w, https:\/\/qnex.it\/wp-content\/uploads\/2018\/02\/netz_plose_2018-1-768x483.jpg 768w, https:\/\/qnex.it\/wp-content\/uploads\/2018\/02\/netz_plose_2018-1-1024x644.jpg 1024w, https:\/\/qnex.it\/wp-content\/uploads\/2018\/02\/netz_plose_2018-1-480x300.jpg 480w, https:\/\/qnex.it\/wp-content\/uploads\/2018\/02\/netz_plose_2018-1-640x400.jpg 640w, https:\/\/qnex.it\/wp-content\/uploads\/2018\/02\/netz_plose_2018-1.jpg 1200w\" sizes=\"auto, (max-width: 300px) 100vw, 300px\" \/><\/a>\n\t\t\t<\/div>\n\t\t\t\t<figcaption class='wp-caption-text gallery-caption' id='gallery-1-490'>\n\t\t\t\tPlose Winter, 2018\n\t\t\t\t<\/figcaption><\/figure><figure class='gallery-item'>\n\t\t\t<div class='gallery-icon landscape'>\n\t\t\t\t<a href='https:\/\/qnex.it\/wp-content\/uploads\/2018\/02\/netz_schlern_2018-1.jpg'><img loading=\"lazy\" decoding=\"async\" width=\"300\" height=\"202\" src=\"https:\/\/qnex.it\/wp-content\/uploads\/2018\/02\/netz_schlern_2018-1-300x202.jpg\" class=\"attachment-medium size-medium\" alt=\"Schlern-Hochplateau, 2018\" aria-describedby=\"gallery-1-491\" srcset=\"https:\/\/qnex.it\/wp-content\/uploads\/2018\/02\/netz_schlern_2018-1-300x202.jpg 300w, https:\/\/qnex.it\/wp-content\/uploads\/2018\/02\/netz_schlern_2018-1-768x517.jpg 768w, https:\/\/qnex.it\/wp-content\/uploads\/2018\/02\/netz_schlern_2018-1-1024x689.jpg 1024w, https:\/\/qnex.it\/wp-content\/uploads\/2018\/02\/netz_schlern_2018-1.jpg 1500w\" sizes=\"auto, (max-width: 300px) 100vw, 300px\" \/><\/a>\n\t\t\t<\/div>\n\t\t\t\t<figcaption class='wp-caption-text gallery-caption' id='gallery-1-491'>\n\t\t\t\tSchlern-Hochplateau, 2018\n\t\t\t\t<\/figcaption><\/figure><figure class='gallery-item'>\n\t\t\t<div class='gallery-icon landscape'>\n\t\t\t\t<a href='https:\/\/qnex.it\/wp-content\/uploads\/2018\/02\/netz_serbus_2017-1.jpg'><img loading=\"lazy\" decoding=\"async\" width=\"300\" height=\"110\" src=\"https:\/\/qnex.it\/wp-content\/uploads\/2018\/02\/netz_serbus_2017-1-300x110.jpg\" class=\"attachment-medium size-medium\" alt=\"Tauferer-Ahrntal, 2017\" aria-describedby=\"gallery-1-492\" srcset=\"https:\/\/qnex.it\/wp-content\/uploads\/2018\/02\/netz_serbus_2017-1-300x110.jpg 300w, https:\/\/qnex.it\/wp-content\/uploads\/2018\/02\/netz_serbus_2017-1-768x282.jpg 768w, https:\/\/qnex.it\/wp-content\/uploads\/2018\/02\/netz_serbus_2017-1-1024x376.jpg 1024w, https:\/\/qnex.it\/wp-content\/uploads\/2018\/02\/netz_serbus_2017-1.jpg 1600w\" sizes=\"auto, (max-width: 300px) 100vw, 300px\" \/><\/a>\n\t\t\t<\/div>\n\t\t\t\t<figcaption class='wp-caption-text gallery-caption' id='gallery-1-492'>\n\t\t\t\tTauferer-Ahrntal, 2017\n\t\t\t\t<\/figcaption><\/figure><figure class='gallery-item'>\n\t\t\t<div class='gallery-icon landscape'>\n\t\t\t\t<a href='https:\/\/qnex.it\/wp-content\/uploads\/2018\/02\/netz_taferner_2017-1.jpg'><img loading=\"lazy\" decoding=\"async\" width=\"300\" height=\"181\" src=\"https:\/\/qnex.it\/wp-content\/uploads\/2018\/02\/netz_taferner_2017-1-300x181.jpg\" class=\"attachment-medium size-medium\" alt=\"Bruneck-Percha-Olang-Antholz, 2017\" aria-describedby=\"gallery-1-493\" srcset=\"https:\/\/qnex.it\/wp-content\/uploads\/2018\/02\/netz_taferner_2017-1-300x181.jpg 300w, https:\/\/qnex.it\/wp-content\/uploads\/2018\/02\/netz_taferner_2017-1-768x463.jpg 768w, https:\/\/qnex.it\/wp-content\/uploads\/2018\/02\/netz_taferner_2017-1-1024x618.jpg 1024w, https:\/\/qnex.it\/wp-content\/uploads\/2018\/02\/netz_taferner_2017-1.jpg 1500w\" sizes=\"auto, (max-width: 300px) 100vw, 300px\" \/><\/a>\n\t\t\t<\/div>\n\t\t\t\t<figcaption class='wp-caption-text gallery-caption' id='gallery-1-493'>\n\t\t\t\tBruneck-Percha-Olang-Antholz, 2017\n\t\t\t\t<\/figcaption><\/figure><figure class='gallery-item'>\n\t\t\t<div class='gallery-icon landscape'>\n\t\t\t\t<a href='https:\/\/qnex.it\/wp-content\/uploads\/2018\/02\/netz_trentino_2008-1.jpg'><img loading=\"lazy\" decoding=\"async\" width=\"300\" height=\"283\" src=\"https:\/\/qnex.it\/wp-content\/uploads\/2018\/02\/netz_trentino_2008-1-300x283.jpg\" class=\"attachment-medium size-medium\" alt=\"Trentino, 2008\" aria-describedby=\"gallery-1-494\" srcset=\"https:\/\/qnex.it\/wp-content\/uploads\/2018\/02\/netz_trentino_2008-1-300x283.jpg 300w, https:\/\/qnex.it\/wp-content\/uploads\/2018\/02\/netz_trentino_2008-1-768x724.jpg 768w, https:\/\/qnex.it\/wp-content\/uploads\/2018\/02\/netz_trentino_2008-1-1024x965.jpg 1024w, https:\/\/qnex.it\/wp-content\/uploads\/2018\/02\/netz_trentino_2008-1.jpg 1400w\" sizes=\"auto, (max-width: 300px) 100vw, 300px\" \/><\/a>\n\t\t\t<\/div>\n\t\t\t\t<figcaption class='wp-caption-text gallery-caption' id='gallery-1-494'>\n\t\t\t\tTrentino, 2008\n\t\t\t\t<\/figcaption><\/figure><figure class='gallery-item'>\n\t\t\t<div class='gallery-icon portrait'>\n\t\t\t\t<a href='https:\/\/qnex.it\/wp-content\/uploads\/2018\/02\/netz_ueberetsch_2015-1.jpg'><img loading=\"lazy\" decoding=\"async\" width=\"214\" height=\"300\" src=\"https:\/\/qnex.it\/wp-content\/uploads\/2018\/02\/netz_ueberetsch_2015-1-214x300.jpg\" class=\"attachment-medium size-medium\" alt=\"\u00dcberetsch, 2015\" aria-describedby=\"gallery-1-495\" srcset=\"https:\/\/qnex.it\/wp-content\/uploads\/2018\/02\/netz_ueberetsch_2015-1-214x300.jpg 214w, https:\/\/qnex.it\/wp-content\/uploads\/2018\/02\/netz_ueberetsch_2015-1-768x1077.jpg 768w, https:\/\/qnex.it\/wp-content\/uploads\/2018\/02\/netz_ueberetsch_2015-1-730x1024.jpg 730w, https:\/\/qnex.it\/wp-content\/uploads\/2018\/02\/netz_ueberetsch_2015-1.jpg 1200w\" sizes=\"auto, (max-width: 214px) 100vw, 214px\" \/><\/a>\n\t\t\t<\/div>\n\t\t\t\t<figcaption class='wp-caption-text gallery-caption' id='gallery-1-495'>\n\t\t\t\t\u00dcberetsch, 2015\n\t\t\t\t<\/figcaption><\/figure>\n\t\t<\/div>\n\n<h3>Publikumsfahrpl\u00e4ne<\/h3>\n<p>Publikumsfahrpl\u00e4ne sind das gesamte Mobilit\u00e4tsangebot einer Region oder Stadt in Taschenformat: Netz, Fahrpl\u00e4ne, Tarifangebote und Zusatzdienste. Sie sind eines der grundlegenden Informationsprodukte im \u00f6ffentlichen Verkehr.<\/p>\n<p>Ein sorgf\u00e4ltig hergestelltes Fahrplanheft kann zu einem wichtigen Medium der Kundenbindung werden: rechtzeitig verteilt oder an die Haushalte gesendet, signalisiert es: unsere Kunden sind uns wichtig.<br \/>\nNeben der prim\u00e4ren Funktion eines Taschenfahrplans ist ein Publikumsfahrplan ein optimaler Werbetr\u00e4ger: Er wird h\u00e4ufig verwendet, wird weitergegeben und kann sich gezielt an bestimmte Kundengruppen wenden.<\/p>\n<p><strong>Qnex<\/strong> verbessert vorhandene Informationsmaterialien oder konzipiert den Publikumsfahrplan neu. Die Erstellung der Fahrplantabellen, Gestaltung des Publikumsfahrplans, drucktechnische Durchf\u00fchrung und Verteilung liegen dabei in einer Hand.<\/p>\n<p><em>Einige Beispiele:<\/em><\/p>\n<p><img loading=\"lazy\" decoding=\"async\" class=\"alignleft size-full wp-image-498\" src=\"http:\/\/qnex.it\/wp-content\/uploads\/2018\/02\/fahrplan_bga_2018-1.jpg\" alt=\"\" width=\"350\" height=\"243\" srcset=\"https:\/\/qnex.it\/wp-content\/uploads\/2018\/02\/fahrplan_bga_2018-1.jpg 350w, https:\/\/qnex.it\/wp-content\/uploads\/2018\/02\/fahrplan_bga_2018-1-300x208.jpg 300w\" sizes=\"auto, (max-width: 350px) 100vw, 350px\" \/><\/p>\n<p>&nbsp;<\/p>\n<p>&nbsp;<\/p>\n<p>Fahrplan Meran und Umgebung, 2018<\/p>\n<p><a href=\"http:\/\/qnex.it\/files\/fahrplan_bga_2018.pdf\" target=\"_blank\" rel=\"noopener\">-&gt; PDF 4,73 MB<\/a><\/p>\n<p>&nbsp;<\/p>\n<p>&nbsp;<\/p>\n<p><img loading=\"lazy\" decoding=\"async\" class=\"alignleft size-full wp-image-499\" src=\"http:\/\/qnex.it\/wp-content\/uploads\/2018\/02\/fahrplan_serbus_2018-1.jpg\" alt=\"\" width=\"350\" height=\"248\" srcset=\"https:\/\/qnex.it\/wp-content\/uploads\/2018\/02\/fahrplan_serbus_2018-1.jpg 350w, https:\/\/qnex.it\/wp-content\/uploads\/2018\/02\/fahrplan_serbus_2018-1-300x213.jpg 300w\" sizes=\"auto, (max-width: 350px) 100vw, 350px\" \/><\/p>\n<p>&nbsp;<\/p>\n<p>Fahrplan Tauferer-Ahrntal, 2018<\/p>\n<p><a href=\"http:\/\/qnex.it\/files\/fahrplan_serbus_2018.pdf\" target=\"_blank\" rel=\"noopener\">-&gt; PDF 790 KB<\/a><\/p>\n<p>&nbsp;<\/p>\n<p>&nbsp;<\/p>\n<p>&nbsp;<\/p>\n<p><a href=\"http:\/\/localhost\/wordpress\/wp-content\/uploads\/2018\/02\/fahrplan_brixen-sommer_2017.jpg\"><br \/>\n<\/a><img loading=\"lazy\" decoding=\"async\" class=\"alignleft size-full wp-image-500\" src=\"http:\/\/qnex.it\/wp-content\/uploads\/2018\/02\/fahrplan_brixen-sommer_2017-1.jpg\" alt=\"\" width=\"350\" height=\"245\" srcset=\"https:\/\/qnex.it\/wp-content\/uploads\/2018\/02\/fahrplan_brixen-sommer_2017-1.jpg 350w, https:\/\/qnex.it\/wp-content\/uploads\/2018\/02\/fahrplan_brixen-sommer_2017-1-300x210.jpg 300w\" sizes=\"auto, (max-width: 350px) 100vw, 350px\" \/><\/p>\n<p>&nbsp;<\/p>\n<p>Sonderfahrplan Citybus Brixen, Sommer 2017<\/p>\n<p><a href=\"http:\/\/qnex.it\/files\/fahrplan_brixen-sommer_2017.pdf\" target=\"_blank\" rel=\"noopener\">-&gt; PDF 312 KB<\/a><\/p>\n<p>&nbsp;<\/p>\n<p>&nbsp;<\/p>\n<p>&nbsp;<\/p>\n<p><img loading=\"lazy\" decoding=\"async\" class=\"alignleft size-full wp-image-501\" src=\"http:\/\/qnex.it\/wp-content\/uploads\/2018\/02\/fahrplan_bahn_2014-1.jpg\" alt=\"\" width=\"350\" height=\"246\" srcset=\"https:\/\/qnex.it\/wp-content\/uploads\/2018\/02\/fahrplan_bahn_2014-1.jpg 350w, https:\/\/qnex.it\/wp-content\/uploads\/2018\/02\/fahrplan_bahn_2014-1-300x211.jpg 300w\" sizes=\"auto, (max-width: 350px) 100vw, 350px\" \/><\/p>\n<p>&nbsp;<\/p>\n<p>Bahnfahrplan S\u00fcdtirol, 2014<\/p>\n<p><a href=\"http:\/\/qnex.it\/files\/fahrplan_bahn_2014.pdf\" target=\"_blank\" rel=\"noopener\">-&gt; PDF 657 KB<\/a><\/p>\n<p>&nbsp;<\/p>\n<p>&nbsp;<\/p>\n<p>&nbsp;<\/p>\n<p><img loading=\"lazy\" decoding=\"async\" class=\"alignleft size-full wp-image-502\" src=\"http:\/\/qnex.it\/wp-content\/uploads\/2018\/02\/orario_brennero_tn_2008-1.jpg\" alt=\"\" width=\"350\" height=\"229\" srcset=\"https:\/\/qnex.it\/wp-content\/uploads\/2018\/02\/orario_brennero_tn_2008-1.jpg 350w, https:\/\/qnex.it\/wp-content\/uploads\/2018\/02\/orario_brennero_tn_2008-1-300x196.jpg 300w\" sizes=\"auto, (max-width: 350px) 100vw, 350px\" \/><\/p>\n<p>&nbsp;<\/p>\n<p>Fahrplan Verona-Trient-Bozen, 2008<\/p>\n<p><a href=\"http:\/\/qnex.it\/files\/orario_brennero_tn_2008.pdf\" target=\"_blank\" rel=\"noopener\">-&gt; PDF 382 KB<\/a><\/p>\n<p>&nbsp;<\/p>\n<p>&nbsp;<\/p>\n<p>&nbsp;<\/p>\n<h3>Haltestellenfahrpl\u00e4ne<\/h3>\n<p>Fahrg\u00e4ste erwarten an der Haltestelle die wichtigsten Informationen in \u00fcbersichtlicher und ansprechender Form.<\/p>\n<p>Haltestellenfahrpl\u00e4ne\/Aushangfahrpl\u00e4ne sind ein wichtiges Instrument der Fahrgastinformation. Auf wenig Raum fassen sie das Linienangebot, den Fahrplan und n\u00fctzliche Zusatzinformationen zusammen.<br \/>\nGut gemachte Fahrplanaush\u00e4nge sind intelligente Produkte: in der grafischen Konzeption geht es darum, die richtige Information \u00fcbersichtlich anzuordnen und f\u00fcr die einzelnen Linien und Haltestellen anzupassen.<\/p>\n<p><strong>Qnex<\/strong> konzipiert und produziert ma\u00dfgeschneiderte Haltestellenaush\u00e4nge f\u00fcr Stadt- und Regionalverkehr. Dabei kann die Fahrplaninformation an jede einzelne Haltestelle individuell angepasst werden.<\/p>\n<p><em>Einige Beispiele:<\/em><\/p>\n<div id='gallery-2' class='gallery galleryid-183 gallery-columns-3 gallery-size-medium'><figure class='gallery-item'>\n\t\t\t<div class='gallery-icon portrait'>\n\t\t\t\t<a href='https:\/\/qnex.it\/wp-content\/uploads\/2018\/02\/aush_ahrntal-1.jpg'><img loading=\"lazy\" decoding=\"async\" width=\"212\" height=\"300\" src=\"https:\/\/qnex.it\/wp-content\/uploads\/2018\/02\/aush_ahrntal-1-212x300.jpg\" class=\"attachment-medium size-medium\" alt=\"Ahrntal\" aria-describedby=\"gallery-2-503\" srcset=\"https:\/\/qnex.it\/wp-content\/uploads\/2018\/02\/aush_ahrntal-1-212x300.jpg 212w, https:\/\/qnex.it\/wp-content\/uploads\/2018\/02\/aush_ahrntal-1-768x1087.jpg 768w, https:\/\/qnex.it\/wp-content\/uploads\/2018\/02\/aush_ahrntal-1-724x1024.jpg 724w, https:\/\/qnex.it\/wp-content\/uploads\/2018\/02\/aush_ahrntal-1.jpg 1200w\" sizes=\"auto, (max-width: 212px) 100vw, 212px\" \/><\/a>\n\t\t\t<\/div>\n\t\t\t\t<figcaption class='wp-caption-text gallery-caption' id='gallery-2-503'>\n\t\t\t\tAhrntal\n\t\t\t\t<\/figcaption><\/figure><figure class='gallery-item'>\n\t\t\t<div class='gallery-icon landscape'>\n\t\t\t\t<a href='https:\/\/qnex.it\/wp-content\/uploads\/2018\/02\/aush_citybus-brixen-1.jpg'><img loading=\"lazy\" decoding=\"async\" width=\"300\" height=\"209\" src=\"https:\/\/qnex.it\/wp-content\/uploads\/2018\/02\/aush_citybus-brixen-1-300x209.jpg\" class=\"attachment-medium size-medium\" alt=\"Citybus Brixen\" aria-describedby=\"gallery-2-504\" srcset=\"https:\/\/qnex.it\/wp-content\/uploads\/2018\/02\/aush_citybus-brixen-1-300x209.jpg 300w, https:\/\/qnex.it\/wp-content\/uploads\/2018\/02\/aush_citybus-brixen-1-768x534.jpg 768w, https:\/\/qnex.it\/wp-content\/uploads\/2018\/02\/aush_citybus-brixen-1-1024x712.jpg 1024w, https:\/\/qnex.it\/wp-content\/uploads\/2018\/02\/aush_citybus-brixen-1.jpg 1600w\" sizes=\"auto, (max-width: 300px) 100vw, 300px\" \/><\/a>\n\t\t\t<\/div>\n\t\t\t\t<figcaption class='wp-caption-text gallery-caption' id='gallery-2-504'>\n\t\t\t\tCitybus Brixen\n\t\t\t\t<\/figcaption><\/figure><figure class='gallery-item'>\n\t\t\t<div class='gallery-icon landscape'>\n\t\t\t\t<a href='https:\/\/qnex.it\/wp-content\/uploads\/2018\/02\/aush_citybus-bruneck-1.jpg'><img loading=\"lazy\" decoding=\"async\" width=\"300\" height=\"207\" src=\"https:\/\/qnex.it\/wp-content\/uploads\/2018\/02\/aush_citybus-bruneck-1-300x207.jpg\" class=\"attachment-medium size-medium\" alt=\"Citybus Bruneck\" aria-describedby=\"gallery-2-505\" srcset=\"https:\/\/qnex.it\/wp-content\/uploads\/2018\/02\/aush_citybus-bruneck-1-300x207.jpg 300w, https:\/\/qnex.it\/wp-content\/uploads\/2018\/02\/aush_citybus-bruneck-1-768x530.jpg 768w, https:\/\/qnex.it\/wp-content\/uploads\/2018\/02\/aush_citybus-bruneck-1-1024x707.jpg 1024w, https:\/\/qnex.it\/wp-content\/uploads\/2018\/02\/aush_citybus-bruneck-1.jpg 1600w\" sizes=\"auto, (max-width: 300px) 100vw, 300px\" \/><\/a>\n\t\t\t<\/div>\n\t\t\t\t<figcaption class='wp-caption-text gallery-caption' id='gallery-2-505'>\n\t\t\t\tCitybus Bruneck\n\t\t\t\t<\/figcaption><\/figure><figure class='gallery-item'>\n\t\t\t<div class='gallery-icon portrait'>\n\t\t\t\t<a href='https:\/\/qnex.it\/wp-content\/uploads\/2018\/02\/aush_innichen-1.jpg'><img loading=\"lazy\" decoding=\"async\" width=\"213\" height=\"300\" src=\"https:\/\/qnex.it\/wp-content\/uploads\/2018\/02\/aush_innichen-1-213x300.jpg\" class=\"attachment-medium size-medium\" alt=\"Innichen\" aria-describedby=\"gallery-2-506\" srcset=\"https:\/\/qnex.it\/wp-content\/uploads\/2018\/02\/aush_innichen-1-213x300.jpg 213w, https:\/\/qnex.it\/wp-content\/uploads\/2018\/02\/aush_innichen-1-768x1084.jpg 768w, https:\/\/qnex.it\/wp-content\/uploads\/2018\/02\/aush_innichen-1-726x1024.jpg 726w, https:\/\/qnex.it\/wp-content\/uploads\/2018\/02\/aush_innichen-1.jpg 1200w\" sizes=\"auto, (max-width: 213px) 100vw, 213px\" \/><\/a>\n\t\t\t<\/div>\n\t\t\t\t<figcaption class='wp-caption-text gallery-caption' id='gallery-2-506'>\n\t\t\t\tInnichen\n\t\t\t\t<\/figcaption><\/figure><figure class='gallery-item'>\n\t\t\t<div class='gallery-icon portrait'>\n\t\t\t\t<a href='https:\/\/qnex.it\/wp-content\/uploads\/2018\/02\/aush_livigno-1.jpg'><img loading=\"lazy\" decoding=\"async\" width=\"214\" height=\"300\" src=\"https:\/\/qnex.it\/wp-content\/uploads\/2018\/02\/aush_livigno-1-214x300.jpg\" class=\"attachment-medium size-medium\" alt=\"Livigno\" aria-describedby=\"gallery-2-507\" srcset=\"https:\/\/qnex.it\/wp-content\/uploads\/2018\/02\/aush_livigno-1-214x300.jpg 214w, https:\/\/qnex.it\/wp-content\/uploads\/2018\/02\/aush_livigno-1-768x1079.jpg 768w, https:\/\/qnex.it\/wp-content\/uploads\/2018\/02\/aush_livigno-1-729x1024.jpg 729w, https:\/\/qnex.it\/wp-content\/uploads\/2018\/02\/aush_livigno-1.jpg 1200w\" sizes=\"auto, (max-width: 214px) 100vw, 214px\" \/><\/a>\n\t\t\t<\/div>\n\t\t\t\t<figcaption class='wp-caption-text gallery-caption' id='gallery-2-507'>\n\t\t\t\tLivigno\n\t\t\t\t<\/figcaption><\/figure><figure class='gallery-item'>\n\t\t\t<div class='gallery-icon portrait'>\n\t\t\t\t<a href='https:\/\/qnex.it\/wp-content\/uploads\/2018\/02\/aush_schenna-1.jpg'><img loading=\"lazy\" decoding=\"async\" width=\"207\" height=\"300\" src=\"https:\/\/qnex.it\/wp-content\/uploads\/2018\/02\/aush_schenna-1-207x300.jpg\" class=\"attachment-medium size-medium\" alt=\"Schenna\" aria-describedby=\"gallery-2-508\" srcset=\"https:\/\/qnex.it\/wp-content\/uploads\/2018\/02\/aush_schenna-1-207x300.jpg 207w, https:\/\/qnex.it\/wp-content\/uploads\/2018\/02\/aush_schenna-1-768x1115.jpg 768w, https:\/\/qnex.it\/wp-content\/uploads\/2018\/02\/aush_schenna-1-705x1024.jpg 705w, https:\/\/qnex.it\/wp-content\/uploads\/2018\/02\/aush_schenna-1.jpg 1200w\" sizes=\"auto, (max-width: 207px) 100vw, 207px\" \/><\/a>\n\t\t\t<\/div>\n\t\t\t\t<figcaption class='wp-caption-text gallery-caption' id='gallery-2-508'>\n\t\t\t\tSchenna\n\t\t\t\t<\/figcaption><\/figure><figure class='gallery-item'>\n\t\t\t<div class='gallery-icon portrait'>\n\t\t\t\t<a href='https:\/\/qnex.it\/wp-content\/uploads\/2018\/02\/aush_seis-1.jpg'><img loading=\"lazy\" decoding=\"async\" width=\"212\" height=\"300\" src=\"https:\/\/qnex.it\/wp-content\/uploads\/2018\/02\/aush_seis-1-212x300.jpg\" class=\"attachment-medium size-medium\" alt=\"Shuttle Seiser Alm-Bahn\" aria-describedby=\"gallery-2-509\" srcset=\"https:\/\/qnex.it\/wp-content\/uploads\/2018\/02\/aush_seis-1-212x300.jpg 212w, https:\/\/qnex.it\/wp-content\/uploads\/2018\/02\/aush_seis-1-768x1087.jpg 768w, https:\/\/qnex.it\/wp-content\/uploads\/2018\/02\/aush_seis-1-724x1024.jpg 724w, https:\/\/qnex.it\/wp-content\/uploads\/2018\/02\/aush_seis-1.jpg 1200w\" sizes=\"auto, (max-width: 212px) 100vw, 212px\" \/><\/a>\n\t\t\t<\/div>\n\t\t\t\t<figcaption class='wp-caption-text gallery-caption' id='gallery-2-509'>\n\t\t\t\tShuttle Seiser Alm-Bahn\n\t\t\t\t<\/figcaption><\/figure><figure class='gallery-item'>\n\t\t\t<div class='gallery-icon portrait'>\n\t\t\t\t<a href='https:\/\/qnex.it\/wp-content\/uploads\/2018\/02\/aush_skibus-reinswald-1.jpg'><img loading=\"lazy\" decoding=\"async\" width=\"212\" height=\"300\" src=\"https:\/\/qnex.it\/wp-content\/uploads\/2018\/02\/aush_skibus-reinswald-1-212x300.jpg\" class=\"attachment-medium size-medium\" alt=\"Skibus Reinswald\" aria-describedby=\"gallery-2-510\" srcset=\"https:\/\/qnex.it\/wp-content\/uploads\/2018\/02\/aush_skibus-reinswald-1-212x300.jpg 212w, https:\/\/qnex.it\/wp-content\/uploads\/2018\/02\/aush_skibus-reinswald-1-768x1087.jpg 768w, https:\/\/qnex.it\/wp-content\/uploads\/2018\/02\/aush_skibus-reinswald-1-724x1024.jpg 724w, https:\/\/qnex.it\/wp-content\/uploads\/2018\/02\/aush_skibus-reinswald-1.jpg 1200w\" sizes=\"auto, (max-width: 212px) 100vw, 212px\" \/><\/a>\n\t\t\t<\/div>\n\t\t\t\t<figcaption class='wp-caption-text gallery-caption' id='gallery-2-510'>\n\t\t\t\tSkibus Reinswald\n\t\t\t\t<\/figcaption><\/figure><figure class='gallery-item'>\n\t\t\t<div class='gallery-icon portrait'>\n\t\t\t\t<a href='https:\/\/qnex.it\/wp-content\/uploads\/2018\/02\/aush_skibus-stvigil-1.jpg'><img loading=\"lazy\" decoding=\"async\" width=\"213\" height=\"300\" src=\"https:\/\/qnex.it\/wp-content\/uploads\/2018\/02\/aush_skibus-stvigil-1-213x300.jpg\" class=\"attachment-medium size-medium\" alt=\"Skibus St. Vigil\" aria-describedby=\"gallery-2-511\" srcset=\"https:\/\/qnex.it\/wp-content\/uploads\/2018\/02\/aush_skibus-stvigil-1-213x300.jpg 213w, https:\/\/qnex.it\/wp-content\/uploads\/2018\/02\/aush_skibus-stvigil-1-768x1083.jpg 768w, https:\/\/qnex.it\/wp-content\/uploads\/2018\/02\/aush_skibus-stvigil-1-726x1024.jpg 726w, https:\/\/qnex.it\/wp-content\/uploads\/2018\/02\/aush_skibus-stvigil-1.jpg 1200w\" sizes=\"auto, (max-width: 213px) 100vw, 213px\" \/><\/a>\n\t\t\t<\/div>\n\t\t\t\t<figcaption class='wp-caption-text gallery-caption' id='gallery-2-511'>\n\t\t\t\tSkibus St. Vigil\n\t\t\t\t<\/figcaption><\/figure>\n\t\t<\/div>\n\n","protected":false},"excerpt":{"rendered":"<p>Fahrgastinformation im \u00f6ffentlichen Nahverkehr Fahrgastinformation ist ein wichtiger Erfolgsfaktor f\u00fcr den \u00f6ffentlichen Verkehr geworden. W\u00e4hrend die Kunden fr\u00fcher bereit sein mussten, m\u00fchsam ihre gew\u00fcnschten Verbindungen zusammenzusuchen, erwarten sie sich heute &#8230;<\/p>\n","protected":false},"author":2,"featured_media":0,"parent":80,"menu_order":0,"comment_status":"closed","ping_status":"closed","template":"","meta":{"footnotes":""},"class_list":["post-183","page","type-page","status-publish","hentry"],"_links":{"self":[{"href":"https:\/\/qnex.it\/index.php?rest_route=\/wp\/v2\/pages\/183","targetHints":{"allow":["GET"]}}],"collection":[{"href":"https:\/\/qnex.it\/index.php?rest_route=\/wp\/v2\/pages"}],"about":[{"href":"https:\/\/qnex.it\/index.php?rest_route=\/wp\/v2\/types\/page"}],"author":[{"embeddable":true,"href":"https:\/\/qnex.it\/index.php?rest_route=\/wp\/v2\/users\/2"}],"replies":[{"embeddable":true,"href":"https:\/\/qnex.it\/index.php?rest_route=%2Fwp%2Fv2%2Fcomments&post=183"}],"version-history":[{"count":6,"href":"https:\/\/qnex.it\/index.php?rest_route=\/wp\/v2\/pages\/183\/revisions"}],"predecessor-version":[{"id":515,"href":"https:\/\/qnex.it\/index.php?rest_route=\/wp\/v2\/pages\/183\/revisions\/515"}],"up":[{"embeddable":true,"href":"https:\/\/qnex.it\/index.php?rest_route=\/wp\/v2\/pages\/80"}],"wp:attachment":[{"href":"https:\/\/qnex.it\/index.php?rest_route=%2Fwp%2Fv2%2Fmedia&parent=183"}],"curies":[{"name":"wp","href":"https:\/\/api.w.org\/{rel}","templated":true}]}}