{"id":185,"date":"2018-02-06T15:29:53","date_gmt":"2018-02-06T14:29:53","guid":{"rendered":"http:\/\/localhost\/wordpress\/?page_id=185"},"modified":"2018-02-09T13:31:40","modified_gmt":"2018-02-09T12:31:40","slug":"informazione-passeggeri","status":"publish","type":"page","link":"https:\/\/qnex.it\/?page_id=185&lang=it","title":{"rendered":"Informazione passeggeri"},"content":{"rendered":"<h3>Informazione passeggeri nel trasporto pubblico<\/h3>\n<p>L&#8217;informazione alla clientela \u00e8 un fattore fondamentale per il successo del trasporto pubblico. Mentre in passato i clienti erano disposti a ricercare con fatica i collegamenti desiderati, oggi richiedono di essere informati con precisione in qualunque situazione.<\/p>\n<p>Qnex dal 2000 offre soluzioni su misura per l&#8217;informazione all&#8217;utenza del trasporto pubblico. Con la nostra lunga esperienza come consulenti di aziende di trasporto e come utenti del trasporto pubblico conosciamo esattamente le esigenze e offriamo una gamma completa di prodotti.<\/p>\n<h3>Mappe della rete<\/h3>\n<p>Le mappe della rete sono un elemento fondamentale per orientarsi nell&#8217;offerta di trasporto pubblico. Una mappa ben costruita consente di riconoscere immediatamente la raggiungibilit\u00e0 di mete importanti, di individuare gli orari corrispondenti e di conoscere le informazioni di base su linee, fermate e punti di interscambio.<\/p>\n<p><strong>Qnex<\/strong> analizza le esigenze di informazione dei clienti, sviluppa rappresentazioni ottimali dal punto di vista grafico e tecnico per reti urbane, extraurbane e zone turistiche. Qnex elabora tutti gli ulteriori elementi del sistema (definizione delle linee, informazioni aggiuntive&#8230;) fornendo materiali informativi completi.<\/p>\n<p><em>Alcuni esempi di nostre mappe di rete:<\/em><\/p>\n<div id='gallery-1' class='gallery galleryid-185 gallery-columns-3 gallery-size-medium'><figure class='gallery-item'>\n\t\t\t<div class='gallery-icon landscape'>\n\t\t\t\t<a href='https:\/\/qnex.it\/wp-content\/uploads\/2018\/02\/netz_bahn2014.jpg'><img loading=\"lazy\" decoding=\"async\" width=\"300\" height=\"200\" src=\"https:\/\/qnex.it\/wp-content\/uploads\/2018\/02\/netz_bahn2014-300x200.jpg\" class=\"attachment-medium size-medium\" alt=\"Ferrovie in Alto Adige, 2014\" aria-describedby=\"gallery-1-419\" srcset=\"https:\/\/qnex.it\/wp-content\/uploads\/2018\/02\/netz_bahn2014-300x200.jpg 300w, https:\/\/qnex.it\/wp-content\/uploads\/2018\/02\/netz_bahn2014-768x511.jpg 768w, https:\/\/qnex.it\/wp-content\/uploads\/2018\/02\/netz_bahn2014-1024x682.jpg 1024w, https:\/\/qnex.it\/wp-content\/uploads\/2018\/02\/netz_bahn2014.jpg 1200w\" sizes=\"auto, (max-width: 300px) 100vw, 300px\" \/><\/a>\n\t\t\t<\/div>\n\t\t\t\t<figcaption class='wp-caption-text gallery-caption' id='gallery-1-419'>\n\t\t\t\tFerrovie in Alto Adige, 2014\n\t\t\t\t<\/figcaption><\/figure><figure class='gallery-item'>\n\t\t\t<div class='gallery-icon landscape'>\n\t\t\t\t<a href='https:\/\/qnex.it\/wp-content\/uploads\/2018\/02\/netz_bga_2018.jpg'><img loading=\"lazy\" decoding=\"async\" width=\"300\" height=\"207\" src=\"https:\/\/qnex.it\/wp-content\/uploads\/2018\/02\/netz_bga_2018-300x207.jpg\" class=\"attachment-medium size-medium\" alt=\"Burgraviato, 2018\" aria-describedby=\"gallery-1-420\" srcset=\"https:\/\/qnex.it\/wp-content\/uploads\/2018\/02\/netz_bga_2018-300x207.jpg 300w, https:\/\/qnex.it\/wp-content\/uploads\/2018\/02\/netz_bga_2018-768x530.jpg 768w, https:\/\/qnex.it\/wp-content\/uploads\/2018\/02\/netz_bga_2018-1024x707.jpg 1024w, https:\/\/qnex.it\/wp-content\/uploads\/2018\/02\/netz_bga_2018.jpg 1200w\" sizes=\"auto, (max-width: 300px) 100vw, 300px\" \/><\/a>\n\t\t\t<\/div>\n\t\t\t\t<figcaption class='wp-caption-text gallery-caption' id='gallery-1-420'>\n\t\t\t\tBurgraviato, 2018\n\t\t\t\t<\/figcaption><\/figure><figure class='gallery-item'>\n\t\t\t<div class='gallery-icon portrait'>\n\t\t\t\t<a href='https:\/\/qnex.it\/wp-content\/uploads\/2018\/02\/netz_citybus_bk_2017.jpg'><img loading=\"lazy\" decoding=\"async\" width=\"283\" height=\"300\" src=\"https:\/\/qnex.it\/wp-content\/uploads\/2018\/02\/netz_citybus_bk_2017-283x300.jpg\" class=\"attachment-medium size-medium\" alt=\"Citybus Brunico, 2017\" aria-describedby=\"gallery-1-421\" srcset=\"https:\/\/qnex.it\/wp-content\/uploads\/2018\/02\/netz_citybus_bk_2017-283x300.jpg 283w, https:\/\/qnex.it\/wp-content\/uploads\/2018\/02\/netz_citybus_bk_2017-768x814.jpg 768w, https:\/\/qnex.it\/wp-content\/uploads\/2018\/02\/netz_citybus_bk_2017-966x1024.jpg 966w, https:\/\/qnex.it\/wp-content\/uploads\/2018\/02\/netz_citybus_bk_2017.jpg 1200w\" sizes=\"auto, (max-width: 283px) 100vw, 283px\" \/><\/a>\n\t\t\t<\/div>\n\t\t\t\t<figcaption class='wp-caption-text gallery-caption' id='gallery-1-421'>\n\t\t\t\tCitybus Brunico, 2017\n\t\t\t\t<\/figcaption><\/figure><figure class='gallery-item'>\n\t\t\t<div class='gallery-icon landscape'>\n\t\t\t\t<a href='https:\/\/qnex.it\/wp-content\/uploads\/2018\/02\/netz_citybus_bx_2017.jpg'><img loading=\"lazy\" decoding=\"async\" width=\"300\" height=\"97\" src=\"https:\/\/qnex.it\/wp-content\/uploads\/2018\/02\/netz_citybus_bx_2017-300x97.jpg\" class=\"attachment-medium size-medium\" alt=\"Citybus Bressanone, 2017\" aria-describedby=\"gallery-1-422\" srcset=\"https:\/\/qnex.it\/wp-content\/uploads\/2018\/02\/netz_citybus_bx_2017-300x97.jpg 300w, https:\/\/qnex.it\/wp-content\/uploads\/2018\/02\/netz_citybus_bx_2017-768x248.jpg 768w, https:\/\/qnex.it\/wp-content\/uploads\/2018\/02\/netz_citybus_bx_2017-1024x331.jpg 1024w, https:\/\/qnex.it\/wp-content\/uploads\/2018\/02\/netz_citybus_bx_2017.jpg 1600w\" sizes=\"auto, (max-width: 300px) 100vw, 300px\" \/><\/a>\n\t\t\t<\/div>\n\t\t\t\t<figcaption class='wp-caption-text gallery-caption' id='gallery-1-422'>\n\t\t\t\tCitybus Bressanone, 2017\n\t\t\t\t<\/figcaption><\/figure><figure class='gallery-item'>\n\t\t\t<div class='gallery-icon landscape'>\n\t\t\t\t<a href='https:\/\/qnex.it\/wp-content\/uploads\/2018\/02\/netz_hochpustertal_2018.jpg'><img loading=\"lazy\" decoding=\"async\" width=\"300\" height=\"172\" src=\"https:\/\/qnex.it\/wp-content\/uploads\/2018\/02\/netz_hochpustertal_2018-300x172.jpg\" class=\"attachment-medium size-medium\" alt=\"Alta Pusteria, 2018\" aria-describedby=\"gallery-1-424\" srcset=\"https:\/\/qnex.it\/wp-content\/uploads\/2018\/02\/netz_hochpustertal_2018-300x172.jpg 300w, https:\/\/qnex.it\/wp-content\/uploads\/2018\/02\/netz_hochpustertal_2018-768x440.jpg 768w, https:\/\/qnex.it\/wp-content\/uploads\/2018\/02\/netz_hochpustertal_2018-1024x587.jpg 1024w, https:\/\/qnex.it\/wp-content\/uploads\/2018\/02\/netz_hochpustertal_2018.jpg 1200w\" sizes=\"auto, (max-width: 300px) 100vw, 300px\" \/><\/a>\n\t\t\t<\/div>\n\t\t\t\t<figcaption class='wp-caption-text gallery-caption' id='gallery-1-424'>\n\t\t\t\tAlta Pusteria, 2018\n\t\t\t\t<\/figcaption><\/figure><figure class='gallery-item'>\n\t\t\t<div class='gallery-icon landscape'>\n\t\t\t\t<a href='https:\/\/qnex.it\/wp-content\/uploads\/2018\/02\/netz_livigno_2018.jpg'><img loading=\"lazy\" decoding=\"async\" width=\"300\" height=\"165\" src=\"https:\/\/qnex.it\/wp-content\/uploads\/2018\/02\/netz_livigno_2018-300x165.jpg\" class=\"attachment-medium size-medium\" alt=\"Livigno inverno, 2018\" aria-describedby=\"gallery-1-425\" srcset=\"https:\/\/qnex.it\/wp-content\/uploads\/2018\/02\/netz_livigno_2018-300x165.jpg 300w, https:\/\/qnex.it\/wp-content\/uploads\/2018\/02\/netz_livigno_2018-768x422.jpg 768w, https:\/\/qnex.it\/wp-content\/uploads\/2018\/02\/netz_livigno_2018-1024x563.jpg 1024w, https:\/\/qnex.it\/wp-content\/uploads\/2018\/02\/netz_livigno_2018.jpg 1200w\" sizes=\"auto, (max-width: 300px) 100vw, 300px\" \/><\/a>\n\t\t\t<\/div>\n\t\t\t\t<figcaption class='wp-caption-text gallery-caption' id='gallery-1-425'>\n\t\t\t\tLivigno inverno, 2018\n\t\t\t\t<\/figcaption><\/figure><figure class='gallery-item'>\n\t\t\t<div class='gallery-icon landscape'>\n\t\t\t\t<a href='https:\/\/qnex.it\/wp-content\/uploads\/2018\/02\/netz_plose_2018.jpg'><img loading=\"lazy\" decoding=\"async\" width=\"300\" height=\"189\" src=\"https:\/\/qnex.it\/wp-content\/uploads\/2018\/02\/netz_plose_2018-300x189.jpg\" class=\"attachment-medium size-medium\" alt=\"Plose inverno, 2018\" aria-describedby=\"gallery-1-426\" srcset=\"https:\/\/qnex.it\/wp-content\/uploads\/2018\/02\/netz_plose_2018-300x189.jpg 300w, https:\/\/qnex.it\/wp-content\/uploads\/2018\/02\/netz_plose_2018-768x483.jpg 768w, https:\/\/qnex.it\/wp-content\/uploads\/2018\/02\/netz_plose_2018-1024x644.jpg 1024w, https:\/\/qnex.it\/wp-content\/uploads\/2018\/02\/netz_plose_2018-480x300.jpg 480w, https:\/\/qnex.it\/wp-content\/uploads\/2018\/02\/netz_plose_2018-640x400.jpg 640w, https:\/\/qnex.it\/wp-content\/uploads\/2018\/02\/netz_plose_2018.jpg 1200w\" sizes=\"auto, (max-width: 300px) 100vw, 300px\" \/><\/a>\n\t\t\t<\/div>\n\t\t\t\t<figcaption class='wp-caption-text gallery-caption' id='gallery-1-426'>\n\t\t\t\tPlose inverno, 2018\n\t\t\t\t<\/figcaption><\/figure><figure class='gallery-item'>\n\t\t\t<div class='gallery-icon landscape'>\n\t\t\t\t<a href='https:\/\/qnex.it\/wp-content\/uploads\/2018\/02\/netz_schlern_2018.jpg'><img loading=\"lazy\" decoding=\"async\" width=\"300\" height=\"202\" src=\"https:\/\/qnex.it\/wp-content\/uploads\/2018\/02\/netz_schlern_2018-300x202.jpg\" class=\"attachment-medium size-medium\" alt=\"Altopiano Sciliar, 2018\" aria-describedby=\"gallery-1-427\" srcset=\"https:\/\/qnex.it\/wp-content\/uploads\/2018\/02\/netz_schlern_2018-300x202.jpg 300w, https:\/\/qnex.it\/wp-content\/uploads\/2018\/02\/netz_schlern_2018-768x517.jpg 768w, https:\/\/qnex.it\/wp-content\/uploads\/2018\/02\/netz_schlern_2018-1024x689.jpg 1024w, https:\/\/qnex.it\/wp-content\/uploads\/2018\/02\/netz_schlern_2018.jpg 1500w\" sizes=\"auto, (max-width: 300px) 100vw, 300px\" \/><\/a>\n\t\t\t<\/div>\n\t\t\t\t<figcaption class='wp-caption-text gallery-caption' id='gallery-1-427'>\n\t\t\t\tAltopiano Sciliar, 2018\n\t\t\t\t<\/figcaption><\/figure><figure class='gallery-item'>\n\t\t\t<div class='gallery-icon landscape'>\n\t\t\t\t<a href='https:\/\/qnex.it\/wp-content\/uploads\/2018\/02\/netz_serbus_2017.jpg'><img loading=\"lazy\" decoding=\"async\" width=\"300\" height=\"110\" src=\"https:\/\/qnex.it\/wp-content\/uploads\/2018\/02\/netz_serbus_2017-300x110.jpg\" class=\"attachment-medium size-medium\" alt=\"Valle Aurina, 2018\" aria-describedby=\"gallery-1-428\" srcset=\"https:\/\/qnex.it\/wp-content\/uploads\/2018\/02\/netz_serbus_2017-300x110.jpg 300w, https:\/\/qnex.it\/wp-content\/uploads\/2018\/02\/netz_serbus_2017-768x282.jpg 768w, https:\/\/qnex.it\/wp-content\/uploads\/2018\/02\/netz_serbus_2017-1024x376.jpg 1024w, https:\/\/qnex.it\/wp-content\/uploads\/2018\/02\/netz_serbus_2017.jpg 1600w\" sizes=\"auto, (max-width: 300px) 100vw, 300px\" \/><\/a>\n\t\t\t<\/div>\n\t\t\t\t<figcaption class='wp-caption-text gallery-caption' id='gallery-1-428'>\n\t\t\t\tValle Aurina, 2018\n\t\t\t\t<\/figcaption><\/figure><figure class='gallery-item'>\n\t\t\t<div class='gallery-icon landscape'>\n\t\t\t\t<a href='https:\/\/qnex.it\/wp-content\/uploads\/2018\/02\/netz_taferner_2017.jpg'><img loading=\"lazy\" decoding=\"async\" width=\"300\" height=\"181\" src=\"https:\/\/qnex.it\/wp-content\/uploads\/2018\/02\/netz_taferner_2017-300x181.jpg\" class=\"attachment-medium size-medium\" alt=\"Brunico-Perca-Valdaora-Anterselva, 2017\" aria-describedby=\"gallery-1-429\" srcset=\"https:\/\/qnex.it\/wp-content\/uploads\/2018\/02\/netz_taferner_2017-300x181.jpg 300w, https:\/\/qnex.it\/wp-content\/uploads\/2018\/02\/netz_taferner_2017-768x463.jpg 768w, https:\/\/qnex.it\/wp-content\/uploads\/2018\/02\/netz_taferner_2017-1024x618.jpg 1024w, https:\/\/qnex.it\/wp-content\/uploads\/2018\/02\/netz_taferner_2017.jpg 1500w\" sizes=\"auto, (max-width: 300px) 100vw, 300px\" \/><\/a>\n\t\t\t<\/div>\n\t\t\t\t<figcaption class='wp-caption-text gallery-caption' id='gallery-1-429'>\n\t\t\t\tBrunico-Perca-Valdaora-Anterselva, 2017\n\t\t\t\t<\/figcaption><\/figure><figure class='gallery-item'>\n\t\t\t<div class='gallery-icon landscape'>\n\t\t\t\t<a href='https:\/\/qnex.it\/wp-content\/uploads\/2018\/02\/netz_trentino_2008.jpg'><img loading=\"lazy\" decoding=\"async\" width=\"300\" height=\"283\" src=\"https:\/\/qnex.it\/wp-content\/uploads\/2018\/02\/netz_trentino_2008-300x283.jpg\" class=\"attachment-medium size-medium\" alt=\"Trentino, 2008\" aria-describedby=\"gallery-1-430\" srcset=\"https:\/\/qnex.it\/wp-content\/uploads\/2018\/02\/netz_trentino_2008-300x283.jpg 300w, https:\/\/qnex.it\/wp-content\/uploads\/2018\/02\/netz_trentino_2008-768x724.jpg 768w, https:\/\/qnex.it\/wp-content\/uploads\/2018\/02\/netz_trentino_2008-1024x965.jpg 1024w, https:\/\/qnex.it\/wp-content\/uploads\/2018\/02\/netz_trentino_2008.jpg 1400w\" sizes=\"auto, (max-width: 300px) 100vw, 300px\" \/><\/a>\n\t\t\t<\/div>\n\t\t\t\t<figcaption class='wp-caption-text gallery-caption' id='gallery-1-430'>\n\t\t\t\tTrentino, 2008\n\t\t\t\t<\/figcaption><\/figure><figure class='gallery-item'>\n\t\t\t<div class='gallery-icon portrait'>\n\t\t\t\t<a href='https:\/\/qnex.it\/wp-content\/uploads\/2018\/02\/netz_ueberetsch_2015.jpg'><img loading=\"lazy\" decoding=\"async\" width=\"214\" height=\"300\" src=\"https:\/\/qnex.it\/wp-content\/uploads\/2018\/02\/netz_ueberetsch_2015-214x300.jpg\" class=\"attachment-medium size-medium\" alt=\"Oltradige, 2015\" aria-describedby=\"gallery-1-431\" srcset=\"https:\/\/qnex.it\/wp-content\/uploads\/2018\/02\/netz_ueberetsch_2015-214x300.jpg 214w, https:\/\/qnex.it\/wp-content\/uploads\/2018\/02\/netz_ueberetsch_2015-768x1077.jpg 768w, https:\/\/qnex.it\/wp-content\/uploads\/2018\/02\/netz_ueberetsch_2015-730x1024.jpg 730w, https:\/\/qnex.it\/wp-content\/uploads\/2018\/02\/netz_ueberetsch_2015.jpg 1200w\" sizes=\"auto, (max-width: 214px) 100vw, 214px\" \/><\/a>\n\t\t\t<\/div>\n\t\t\t\t<figcaption class='wp-caption-text gallery-caption' id='gallery-1-431'>\n\t\t\t\tOltradige, 2015\n\t\t\t\t<\/figcaption><\/figure>\n\t\t<\/div>\n\n<h3>Libretti orari<\/h3>\n<p>L&#8217;intera offerta di mobilit\u00e0 di una regione o di una citt\u00e0 in formato tascabile: rete, orari, tariffe, servizi aggiuntivi. Un prodotto informativo di base per il trasporto pubblico.<\/p>\n<p>Un libretto orari completo ed accurato diviene un importante mezzo di fidelizzazione dell&#8217;utenza: puntualmente distribuito o recapitato dimostra attenzione nel rapporto con i propri clienti.<br \/>\nAccanto alla sua funzione primaria, un libretto orari \u00e8 un ottimale veicolo pubblicitario: viene spesso consultato e scambiato e pu\u00f2 essere distribuito a un preciso target di utenza.<\/p>\n<p><strong>Qnex<\/strong> rielabora i materiali informativi esistenti o ne crea di completamente nuovi. La realizzazione delle tabelle orari, la grafica complessiva del prodotto, le fasi di stampa e di distribuzione sono affidate ad un unico interlocutore.<\/p>\n<p><em>Alcuni esempi:<\/em><\/p>\n<p><a href=\"http:\/\/qnex.it\/wp-content\/uploads\/2018\/02\/fahrplan_bga_2018.jpg\"><img loading=\"lazy\" decoding=\"async\" class=\"alignleft size-full wp-image-433\" src=\"http:\/\/qnex.it\/wp-content\/uploads\/2018\/02\/fahrplan_bga_2018.jpg\" alt=\"\" width=\"350\" height=\"243\" srcset=\"https:\/\/qnex.it\/wp-content\/uploads\/2018\/02\/fahrplan_bga_2018.jpg 350w, https:\/\/qnex.it\/wp-content\/uploads\/2018\/02\/fahrplan_bga_2018-300x208.jpg 300w\" sizes=\"auto, (max-width: 350px) 100vw, 350px\" \/><\/a><\/p>\n<p>&nbsp;<\/p>\n<p>&nbsp;<\/p>\n<p>Orario Merano e dintorni, 2018<\/p>\n<p><a href=\"http:\/\/www.qnex.it\/files\/fahrplan_bga_2018.pdf\" target=\"_blank\" rel=\"noopener\">-&gt; PDF 4,73 MB<\/a><\/p>\n<p>&nbsp;<\/p>\n<p>&nbsp;<\/p>\n<p>&nbsp;<\/p>\n<p><a href=\"http:\/\/qnex.it\/wp-content\/uploads\/2018\/02\/fahrplan_serbus_2018.jpg\"><img loading=\"lazy\" decoding=\"async\" class=\"alignleft size-full wp-image-435\" src=\"http:\/\/qnex.it\/wp-content\/uploads\/2018\/02\/fahrplan_serbus_2018.jpg\" alt=\"\" width=\"350\" height=\"248\" srcset=\"https:\/\/qnex.it\/wp-content\/uploads\/2018\/02\/fahrplan_serbus_2018.jpg 350w, https:\/\/qnex.it\/wp-content\/uploads\/2018\/02\/fahrplan_serbus_2018-300x213.jpg 300w\" sizes=\"auto, (max-width: 350px) 100vw, 350px\" \/><\/a><\/p>\n<p>Orario Valle Aurina, 2018<\/p>\n<p><a href=\"http:\/\/qnex.it\/files\/fahrplan_serbus_2018.pdf\" target=\"_blank\" rel=\"noopener\">-&gt; PDF 790 KB<\/a><\/p>\n<p>&nbsp;<\/p>\n<p>&nbsp;<\/p>\n<p>&nbsp;<\/p>\n<p><a href=\"http:\/\/localhost\/wordpress\/wp-content\/uploads\/2018\/02\/fahrplan_brixen-sommer_2017.jpg\"><br \/>\n<\/a><\/p>\n<p><a href=\"http:\/\/qnex.it\/wp-content\/uploads\/2018\/02\/fahrplan_brixen-sommer_2017.jpg\"><img loading=\"lazy\" decoding=\"async\" class=\"alignleft size-full wp-image-436\" src=\"http:\/\/qnex.it\/wp-content\/uploads\/2018\/02\/fahrplan_brixen-sommer_2017.jpg\" alt=\"\" width=\"350\" height=\"245\" srcset=\"https:\/\/qnex.it\/wp-content\/uploads\/2018\/02\/fahrplan_brixen-sommer_2017.jpg 350w, https:\/\/qnex.it\/wp-content\/uploads\/2018\/02\/fahrplan_brixen-sommer_2017-300x210.jpg 300w\" sizes=\"auto, (max-width: 350px) 100vw, 350px\" \/><\/a><\/p>\n<p>&nbsp;<\/p>\n<p>Orario speciale Citybus Bressanone, estate 2017<\/p>\n<p><a href=\"http:\/\/qnex.it\/files\/fahrplan_brixen-sommer_2017.pdf\" target=\"_blank\" rel=\"noopener\">-&gt; PDF 312 KB<\/a><\/p>\n<p>&nbsp;<\/p>\n<p>&nbsp;<\/p>\n<p>&nbsp;<\/p>\n<p><a href=\"http:\/\/qnex.it\/wp-content\/uploads\/2018\/02\/fahrplan_bahn_2014.jpg\"><img loading=\"lazy\" decoding=\"async\" class=\"alignleft size-full wp-image-437\" src=\"http:\/\/qnex.it\/wp-content\/uploads\/2018\/02\/fahrplan_bahn_2014.jpg\" alt=\"\" width=\"350\" height=\"246\" srcset=\"https:\/\/qnex.it\/wp-content\/uploads\/2018\/02\/fahrplan_bahn_2014.jpg 350w, https:\/\/qnex.it\/wp-content\/uploads\/2018\/02\/fahrplan_bahn_2014-300x211.jpg 300w\" sizes=\"auto, (max-width: 350px) 100vw, 350px\" \/><\/a><\/p>\n<p>&nbsp;<\/p>\n<p>Orario ferroviario Alto Adige, 2014<\/p>\n<p><a href=\"http:\/\/qnex.it\/files\/fahrplan_bahn_2014.pdf\" target=\"_blank\" rel=\"noopener\">-&gt; PDF 657 KB<\/a><\/p>\n<p>&nbsp;<\/p>\n<p>&nbsp;<\/p>\n<p>&nbsp;<\/p>\n<p><a href=\"http:\/\/qnex.it\/wp-content\/uploads\/2018\/02\/orario_brennero_tn_2008.jpg\"><img loading=\"lazy\" decoding=\"async\" class=\"alignleft size-full wp-image-438\" src=\"http:\/\/qnex.it\/wp-content\/uploads\/2018\/02\/orario_brennero_tn_2008.jpg\" alt=\"\" width=\"350\" height=\"229\" srcset=\"https:\/\/qnex.it\/wp-content\/uploads\/2018\/02\/orario_brennero_tn_2008.jpg 350w, https:\/\/qnex.it\/wp-content\/uploads\/2018\/02\/orario_brennero_tn_2008-300x196.jpg 300w\" sizes=\"auto, (max-width: 350px) 100vw, 350px\" \/><\/a><\/p>\n<p>&nbsp;<\/p>\n<p>Orario Verona-Trento-Bolzano, 2008<\/p>\n<p><a href=\"http:\/\/qnex.it\/files\/orario_brennero_tn_2008.pdf\" target=\"_blank\" rel=\"noopener\">-&gt; PDF 382 KB<\/a><\/p>\n<p>&nbsp;<\/p>\n<p>&nbsp;<\/p>\n<p>&nbsp;<\/p>\n<h4><\/h4>\n<h3>Quadri orario di fermata<\/h3>\n<p>I clienti del trasporto pubblico desiderano trovare alle fermate le principali informazioni in forma completa e gradevole.<\/p>\n<p>I quadri orari di fermata hanno il compito di riassumere in poco spazio i percorsi, gli orari ed eventuali informazioni aggiuntive di una linea.<\/p>\n<p>Un quadro orario ben fatto \u00e8 un prodotto intelligente: nella concezione grafica si tratta di disporre l&#8217;informazione giusta in modo chiaro e di personalizzare l&#8217;informazione per le singole linee e fermate.<\/p>\n<p><strong>Qnex<\/strong> progetta e realizza tabelle di fermata su misura per servizi urbani e regionali. L&#8217;informazione pu\u00f2 essere adattata ad ogni singola fermata.<\/p>\n<p><strong>Qnex<\/strong> konzipiert und produziert ma\u00dfgeschneiderte Haltestellenaush\u00e4nge f\u00fcr Stadt- und Regionalverkehr. Dabei kann die Fahrplaninformation an jede einzelne Haltestelle individuell angepasst werden.<\/p>\n<p><em>Alcuni esempi:<\/em><\/p>\n<div id='gallery-2' class='gallery galleryid-185 gallery-columns-3 gallery-size-medium'><figure class='gallery-item'>\n\t\t\t<div class='gallery-icon portrait'>\n\t\t\t\t<a href='https:\/\/qnex.it\/wp-content\/uploads\/2018\/02\/aush_ahrntal.jpg'><img loading=\"lazy\" decoding=\"async\" width=\"212\" height=\"300\" src=\"https:\/\/qnex.it\/wp-content\/uploads\/2018\/02\/aush_ahrntal-212x300.jpg\" class=\"attachment-medium size-medium\" alt=\"Valle Aurina\" aria-describedby=\"gallery-2-443\" srcset=\"https:\/\/qnex.it\/wp-content\/uploads\/2018\/02\/aush_ahrntal-212x300.jpg 212w, https:\/\/qnex.it\/wp-content\/uploads\/2018\/02\/aush_ahrntal-768x1087.jpg 768w, https:\/\/qnex.it\/wp-content\/uploads\/2018\/02\/aush_ahrntal-724x1024.jpg 724w, https:\/\/qnex.it\/wp-content\/uploads\/2018\/02\/aush_ahrntal.jpg 1200w\" sizes=\"auto, (max-width: 212px) 100vw, 212px\" \/><\/a>\n\t\t\t<\/div>\n\t\t\t\t<figcaption class='wp-caption-text gallery-caption' id='gallery-2-443'>\n\t\t\t\tValle Aurina\n\t\t\t\t<\/figcaption><\/figure><figure class='gallery-item'>\n\t\t\t<div class='gallery-icon landscape'>\n\t\t\t\t<a href='https:\/\/qnex.it\/wp-content\/uploads\/2018\/02\/aush_citybus-brixen.jpg'><img loading=\"lazy\" decoding=\"async\" width=\"300\" height=\"209\" src=\"https:\/\/qnex.it\/wp-content\/uploads\/2018\/02\/aush_citybus-brixen-300x209.jpg\" class=\"attachment-medium size-medium\" alt=\"Citybus Bressanone\" aria-describedby=\"gallery-2-444\" srcset=\"https:\/\/qnex.it\/wp-content\/uploads\/2018\/02\/aush_citybus-brixen-300x209.jpg 300w, https:\/\/qnex.it\/wp-content\/uploads\/2018\/02\/aush_citybus-brixen-768x534.jpg 768w, https:\/\/qnex.it\/wp-content\/uploads\/2018\/02\/aush_citybus-brixen-1024x712.jpg 1024w, https:\/\/qnex.it\/wp-content\/uploads\/2018\/02\/aush_citybus-brixen.jpg 1600w\" sizes=\"auto, (max-width: 300px) 100vw, 300px\" \/><\/a>\n\t\t\t<\/div>\n\t\t\t\t<figcaption class='wp-caption-text gallery-caption' id='gallery-2-444'>\n\t\t\t\tCitybus Bressanone\n\t\t\t\t<\/figcaption><\/figure><figure class='gallery-item'>\n\t\t\t<div class='gallery-icon landscape'>\n\t\t\t\t<a href='https:\/\/qnex.it\/wp-content\/uploads\/2018\/02\/aush_citybus-bruneck.jpg'><img loading=\"lazy\" decoding=\"async\" width=\"300\" height=\"207\" src=\"https:\/\/qnex.it\/wp-content\/uploads\/2018\/02\/aush_citybus-bruneck-300x207.jpg\" class=\"attachment-medium size-medium\" alt=\"Citybus Brunico\" aria-describedby=\"gallery-2-445\" srcset=\"https:\/\/qnex.it\/wp-content\/uploads\/2018\/02\/aush_citybus-bruneck-300x207.jpg 300w, https:\/\/qnex.it\/wp-content\/uploads\/2018\/02\/aush_citybus-bruneck-768x530.jpg 768w, https:\/\/qnex.it\/wp-content\/uploads\/2018\/02\/aush_citybus-bruneck-1024x707.jpg 1024w, https:\/\/qnex.it\/wp-content\/uploads\/2018\/02\/aush_citybus-bruneck.jpg 1600w\" sizes=\"auto, (max-width: 300px) 100vw, 300px\" \/><\/a>\n\t\t\t<\/div>\n\t\t\t\t<figcaption class='wp-caption-text gallery-caption' id='gallery-2-445'>\n\t\t\t\tCitybus Brunico\n\t\t\t\t<\/figcaption><\/figure><figure class='gallery-item'>\n\t\t\t<div class='gallery-icon portrait'>\n\t\t\t\t<a href='https:\/\/qnex.it\/wp-content\/uploads\/2018\/02\/aush_innichen.jpg'><img loading=\"lazy\" decoding=\"async\" width=\"213\" height=\"300\" src=\"https:\/\/qnex.it\/wp-content\/uploads\/2018\/02\/aush_innichen-213x300.jpg\" class=\"attachment-medium size-medium\" alt=\"San Candido\" aria-describedby=\"gallery-2-446\" srcset=\"https:\/\/qnex.it\/wp-content\/uploads\/2018\/02\/aush_innichen-213x300.jpg 213w, https:\/\/qnex.it\/wp-content\/uploads\/2018\/02\/aush_innichen-768x1084.jpg 768w, https:\/\/qnex.it\/wp-content\/uploads\/2018\/02\/aush_innichen-726x1024.jpg 726w, https:\/\/qnex.it\/wp-content\/uploads\/2018\/02\/aush_innichen.jpg 1200w\" sizes=\"auto, (max-width: 213px) 100vw, 213px\" \/><\/a>\n\t\t\t<\/div>\n\t\t\t\t<figcaption class='wp-caption-text gallery-caption' id='gallery-2-446'>\n\t\t\t\tSan Candido\n\t\t\t\t<\/figcaption><\/figure><figure class='gallery-item'>\n\t\t\t<div class='gallery-icon portrait'>\n\t\t\t\t<a href='https:\/\/qnex.it\/wp-content\/uploads\/2018\/02\/aush_livigno.jpg'><img loading=\"lazy\" decoding=\"async\" width=\"214\" height=\"300\" src=\"https:\/\/qnex.it\/wp-content\/uploads\/2018\/02\/aush_livigno-214x300.jpg\" class=\"attachment-medium size-medium\" alt=\"Livigno\" aria-describedby=\"gallery-2-447\" srcset=\"https:\/\/qnex.it\/wp-content\/uploads\/2018\/02\/aush_livigno-214x300.jpg 214w, https:\/\/qnex.it\/wp-content\/uploads\/2018\/02\/aush_livigno-768x1079.jpg 768w, https:\/\/qnex.it\/wp-content\/uploads\/2018\/02\/aush_livigno-729x1024.jpg 729w, https:\/\/qnex.it\/wp-content\/uploads\/2018\/02\/aush_livigno.jpg 1200w\" sizes=\"auto, (max-width: 214px) 100vw, 214px\" \/><\/a>\n\t\t\t<\/div>\n\t\t\t\t<figcaption class='wp-caption-text gallery-caption' id='gallery-2-447'>\n\t\t\t\tLivigno\n\t\t\t\t<\/figcaption><\/figure><figure class='gallery-item'>\n\t\t\t<div class='gallery-icon portrait'>\n\t\t\t\t<a href='https:\/\/qnex.it\/wp-content\/uploads\/2018\/02\/aush_schenna.jpg'><img loading=\"lazy\" decoding=\"async\" width=\"207\" height=\"300\" src=\"https:\/\/qnex.it\/wp-content\/uploads\/2018\/02\/aush_schenna-207x300.jpg\" class=\"attachment-medium size-medium\" alt=\"Scena\" aria-describedby=\"gallery-2-448\" srcset=\"https:\/\/qnex.it\/wp-content\/uploads\/2018\/02\/aush_schenna-207x300.jpg 207w, https:\/\/qnex.it\/wp-content\/uploads\/2018\/02\/aush_schenna-768x1115.jpg 768w, https:\/\/qnex.it\/wp-content\/uploads\/2018\/02\/aush_schenna-705x1024.jpg 705w, https:\/\/qnex.it\/wp-content\/uploads\/2018\/02\/aush_schenna.jpg 1200w\" sizes=\"auto, (max-width: 207px) 100vw, 207px\" \/><\/a>\n\t\t\t<\/div>\n\t\t\t\t<figcaption class='wp-caption-text gallery-caption' id='gallery-2-448'>\n\t\t\t\tScena\n\t\t\t\t<\/figcaption><\/figure><figure class='gallery-item'>\n\t\t\t<div class='gallery-icon portrait'>\n\t\t\t\t<a href='https:\/\/qnex.it\/wp-content\/uploads\/2018\/02\/aush_seis.jpg'><img loading=\"lazy\" decoding=\"async\" width=\"212\" height=\"300\" src=\"https:\/\/qnex.it\/wp-content\/uploads\/2018\/02\/aush_seis-212x300.jpg\" class=\"attachment-medium size-medium\" alt=\"Navetta Alpe di Siusi\" aria-describedby=\"gallery-2-449\" srcset=\"https:\/\/qnex.it\/wp-content\/uploads\/2018\/02\/aush_seis-212x300.jpg 212w, https:\/\/qnex.it\/wp-content\/uploads\/2018\/02\/aush_seis-768x1087.jpg 768w, https:\/\/qnex.it\/wp-content\/uploads\/2018\/02\/aush_seis-724x1024.jpg 724w, https:\/\/qnex.it\/wp-content\/uploads\/2018\/02\/aush_seis.jpg 1200w\" sizes=\"auto, (max-width: 212px) 100vw, 212px\" \/><\/a>\n\t\t\t<\/div>\n\t\t\t\t<figcaption class='wp-caption-text gallery-caption' id='gallery-2-449'>\n\t\t\t\tNavetta Alpe di Siusi\n\t\t\t\t<\/figcaption><\/figure><figure class='gallery-item'>\n\t\t\t<div class='gallery-icon portrait'>\n\t\t\t\t<a href='https:\/\/qnex.it\/wp-content\/uploads\/2018\/02\/aush_skibus-reinswald.jpg'><img loading=\"lazy\" decoding=\"async\" width=\"212\" height=\"300\" src=\"https:\/\/qnex.it\/wp-content\/uploads\/2018\/02\/aush_skibus-reinswald-212x300.jpg\" class=\"attachment-medium size-medium\" alt=\"Skibus Reinswald\" aria-describedby=\"gallery-2-450\" srcset=\"https:\/\/qnex.it\/wp-content\/uploads\/2018\/02\/aush_skibus-reinswald-212x300.jpg 212w, https:\/\/qnex.it\/wp-content\/uploads\/2018\/02\/aush_skibus-reinswald-768x1087.jpg 768w, https:\/\/qnex.it\/wp-content\/uploads\/2018\/02\/aush_skibus-reinswald-724x1024.jpg 724w, https:\/\/qnex.it\/wp-content\/uploads\/2018\/02\/aush_skibus-reinswald.jpg 1200w\" sizes=\"auto, (max-width: 212px) 100vw, 212px\" \/><\/a>\n\t\t\t<\/div>\n\t\t\t\t<figcaption class='wp-caption-text gallery-caption' id='gallery-2-450'>\n\t\t\t\tSkibus Reinswald\n\t\t\t\t<\/figcaption><\/figure><figure class='gallery-item'>\n\t\t\t<div class='gallery-icon portrait'>\n\t\t\t\t<a href='https:\/\/qnex.it\/wp-content\/uploads\/2018\/02\/aush_skibus-stvigil.jpg'><img loading=\"lazy\" decoding=\"async\" width=\"213\" height=\"300\" src=\"https:\/\/qnex.it\/wp-content\/uploads\/2018\/02\/aush_skibus-stvigil-213x300.jpg\" class=\"attachment-medium size-medium\" alt=\"Skibus S. Vigilio\" aria-describedby=\"gallery-2-451\" srcset=\"https:\/\/qnex.it\/wp-content\/uploads\/2018\/02\/aush_skibus-stvigil-213x300.jpg 213w, https:\/\/qnex.it\/wp-content\/uploads\/2018\/02\/aush_skibus-stvigil-768x1083.jpg 768w, https:\/\/qnex.it\/wp-content\/uploads\/2018\/02\/aush_skibus-stvigil-726x1024.jpg 726w, https:\/\/qnex.it\/wp-content\/uploads\/2018\/02\/aush_skibus-stvigil.jpg 1200w\" sizes=\"auto, (max-width: 213px) 100vw, 213px\" \/><\/a>\n\t\t\t<\/div>\n\t\t\t\t<figcaption class='wp-caption-text gallery-caption' id='gallery-2-451'>\n\t\t\t\tSkibus S. Vigilio\n\t\t\t\t<\/figcaption><\/figure>\n\t\t<\/div>\n\n","protected":false},"excerpt":{"rendered":"<p>Informazione passeggeri nel trasporto pubblico L&#8217;informazione alla clientela \u00e8 un fattore fondamentale per il successo del trasporto pubblico. Mentre in passato i clienti erano disposti a ricercare con fatica i &#8230;<\/p>\n","protected":false},"author":2,"featured_media":0,"parent":83,"menu_order":0,"comment_status":"closed","ping_status":"closed","template":"","meta":{"footnotes":""},"class_list":["post-185","page","type-page","status-publish","hentry"],"_links":{"self":[{"href":"https:\/\/qnex.it\/index.php?rest_route=\/wp\/v2\/pages\/185","targetHints":{"allow":["GET"]}}],"collection":[{"href":"https:\/\/qnex.it\/index.php?rest_route=\/wp\/v2\/pages"}],"about":[{"href":"https:\/\/qnex.it\/index.php?rest_route=\/wp\/v2\/types\/page"}],"author":[{"embeddable":true,"href":"https:\/\/qnex.it\/index.php?rest_route=\/wp\/v2\/users\/2"}],"replies":[{"embeddable":true,"href":"https:\/\/qnex.it\/index.php?rest_route=%2Fwp%2Fv2%2Fcomments&post=185"}],"version-history":[{"count":7,"href":"https:\/\/qnex.it\/index.php?rest_route=\/wp\/v2\/pages\/185\/revisions"}],"predecessor-version":[{"id":516,"href":"https:\/\/qnex.it\/index.php?rest_route=\/wp\/v2\/pages\/185\/revisions\/516"}],"up":[{"embeddable":true,"href":"https:\/\/qnex.it\/index.php?rest_route=\/wp\/v2\/pages\/83"}],"wp:attachment":[{"href":"https:\/\/qnex.it\/index.php?rest_route=%2Fwp%2Fv2%2Fmedia&parent=185"}],"curies":[{"name":"wp","href":"https:\/\/api.w.org\/{rel}","templated":true}]}}